{"id":7084,"date":"2025-05-29T15:27:10","date_gmt":"2025-05-29T14:27:10","guid":{"rendered":"https:\/\/eyzen.net\/?page_id=7084"},"modified":"2025-05-29T15:37:33","modified_gmt":"2025-05-29T14:37:33","slug":"socios","status":"publish","type":"page","link":"https:\/\/eyzen.net\/index.php\/es\/socios\/","title":{"rendered":"Socios"},"content":{"rendered":"\t\t<div data-elementor-type=\"wp-page\" data-elementor-id=\"7084\" class=\"elementor elementor-7084\">\n\t\t\t\t<div class=\"elementor-element elementor-element-bc63d01 e-flex e-con-boxed e-con e-parent\" data-id=\"bc63d01\" data-element_type=\"container\" data-e-type=\"container\" data-settings=\"{&quot;background_background&quot;:&quot;slideshow&quot;,&quot;background_slideshow_gallery&quot;:[],&quot;background_slideshow_loop&quot;:&quot;yes&quot;,&quot;background_slideshow_slide_duration&quot;:5000,&quot;background_slideshow_slide_transition&quot;:&quot;fade&quot;,&quot;background_slideshow_transition_duration&quot;:500}\">\n\t\t\t\t\t<div class=\"e-con-inner\">\n\t\t\t\t<div class=\"elementor-element elementor-element-6319dce elementor-widget elementor-widget-heading\" data-id=\"6319dce\" data-element_type=\"widget\" data-e-type=\"widget\" data-widget_type=\"heading.default\">\n\t\t\t\t<div class=\"elementor-widget-container\">\n\t\t\t\t\t<h2 class=\"elementor-heading-title elementor-size-default\">Socios<\/h2>\t\t\t\t<\/div>\n\t\t\t\t<\/div>\n\t\t\t\t\t<\/div>\n\t\t\t\t<\/div>\n\t\t<div class=\"elementor-element elementor-element-fd46e71 e-flex e-con-boxed e-con e-parent\" data-id=\"fd46e71\" data-element_type=\"container\" data-e-type=\"container\">\n\t\t\t\t\t<div class=\"e-con-inner\">\n\t\t\t\t<div class=\"elementor-element elementor-element-e137dcb elementor-widget elementor-widget-spacer\" data-id=\"e137dcb\" data-element_type=\"widget\" data-e-type=\"widget\" data-widget_type=\"spacer.default\">\n\t\t\t\t<div class=\"elementor-widget-container\">\n\t\t\t\t\t\t\t<div class=\"elementor-spacer\">\n\t\t\t<div class=\"elementor-spacer-inner\"><\/div>\n\t\t<\/div>\n\t\t\t\t\t\t<\/div>\n\t\t\t\t<\/div>\n\t\t\t\t\t<\/div>\n\t\t\t\t<\/div>\n\t\t<div class=\"elementor-element elementor-element-74d7b3c e-flex e-con-boxed e-con e-parent\" data-id=\"74d7b3c\" data-element_type=\"container\" data-e-type=\"container\">\n\t\t\t\t\t<div class=\"e-con-inner\">\n\t\t<div class=\"elementor-element elementor-element-386a189 e-con-full e-flex e-con e-child\" data-id=\"386a189\" data-element_type=\"container\" data-e-type=\"container\">\n\t\t\t\t<div class=\"elementor-element elementor-element-5f6c17f elementor-widget elementor-widget-heading\" data-id=\"5f6c17f\" data-element_type=\"widget\" data-e-type=\"widget\" data-widget_type=\"heading.default\">\n\t\t\t\t<div class=\"elementor-widget-container\">\n\t\t\t\t\t<h2 class=\"elementor-heading-title elementor-size-default\"> Blue Beehive<\/h2>\t\t\t\t<\/div>\n\t\t\t\t<\/div>\n\t\t\t\t<div class=\"elementor-element elementor-element-f21fff9 elementor-widget elementor-widget-heading\" data-id=\"f21fff9\" data-element_type=\"widget\" data-e-type=\"widget\" data-widget_type=\"heading.default\">\n\t\t\t\t<div class=\"elementor-widget-container\">\n\t\t\t\t\t<h2 class=\"elementor-heading-title elementor-size-default\">Espa\u00f1a<\/h2>\t\t\t\t<\/div>\n\t\t\t\t<\/div>\n\t\t\t\t<div class=\"elementor-element elementor-element-4532d06 elementor-widget elementor-widget-text-editor\" data-id=\"4532d06\" data-element_type=\"widget\" data-e-type=\"widget\" data-widget_type=\"text-editor.default\">\n\t\t\t\t<div class=\"elementor-widget-container\">\n\t\t\t\t\t\t\t\t\t<p>La Associaci\u00f3 Educativa i Cultural Blue Beehive es una organizaci\u00f3n multidisciplinaria centrada en la promoci\u00f3n de la igualdad, la prevenci\u00f3n de la violencia de g\u00e9nero y la lucha contra la discriminaci\u00f3n y los delitos de odio. A trav\u00e9s de sus programas regionales, la asociaci\u00f3n pone un \u00e9nfasis especial en la educaci\u00f3n emocional, particularmente en el contexto de las redes sociales, utilizando marcos como la pir\u00e1mide de Maslow adaptada al mundo digital. Blue Beehive ofrece cursos, charlas y talleres sobre el control emocional y el uso seguro de las TIC, al tiempo que apoya iniciativas de emprendimiento y econom\u00eda circular que abordan la educaci\u00f3n no formal y el desarrollo de competencias relevantes para el mercado laboral.<\/p><p>En l\u00ednea con los objetivos de esta convocatoria, Blue Beehive participa activamente en el desarrollo de soluciones tecnol\u00f3gicas, incluidas aplicaciones web y m\u00f3viles. Su equipo cuenta con especialistas en educaci\u00f3n e inclusi\u00f3n social de personas con discapacidad, con experiencia en el dise\u00f1o de intervenciones educativas inclusivas. Uno de sus proyectos m\u00e1s destacados implica la inclusi\u00f3n cooperativa juvenil mediante juegos de rol y dise\u00f1o e impresi\u00f3n 3D, que ha evolucionado hacia el desarrollo de videojuegos, demostrando el enfoque innovador de la organizaci\u00f3n al combinar educaci\u00f3n y tecnolog\u00eda.<\/p><p>La asociaci\u00f3n trabaja principalmente con una amplia franja etaria, centr\u00e1ndose tanto en alumnado en edad escolar como en personas adultas, incluyendo colectivos en situaci\u00f3n de desventaja. Aunque la organizaci\u00f3n es relativamente joven, con cuatro a\u00f1os de trayectoria, muchos de sus integrantes poseen d\u00e9cadas de experiencia en el \u00e1mbito educativo. Su presidenta, la Sra. Mar\u00eda Rosario Navarro, es experta en educaci\u00f3n de personas adultas, din\u00e1micas de grupo, gamificaci\u00f3n y metodolog\u00edas educativas inclusivas. Es autora de libros infantiles, dirige talleres, participa en encuentros literarios y promueve activamente el empoderamiento, el liderazgo y el emprendimiento femenino a trav\u00e9s de plataformas educativas y culturales.<\/p>\t\t\t\t\t\t\t\t<\/div>\n\t\t\t\t<\/div>\n\t\t\t\t<\/div>\n\t\t<div class=\"elementor-element elementor-element-fb8545e e-con-full e-flex e-con e-child\" data-id=\"fb8545e\" data-element_type=\"container\" data-e-type=\"container\">\n\t\t\t\t<div class=\"elementor-element elementor-element-202cf9e elementor-widget__width-initial elementor-widget elementor-widget-image\" data-id=\"202cf9e\" data-element_type=\"widget\" data-e-type=\"widget\" data-widget_type=\"image.default\">\n\t\t\t\t<div class=\"elementor-widget-container\">\n\t\t\t\t\t\t\t\t\t\t\t\t\t\t\t<img fetchpriority=\"high\" decoding=\"async\" width=\"640\" height=\"246\" src=\"https:\/\/eyzen.net\/wp-content\/uploads\/2025\/05\/Blue-Beehive-logo_300ppp-1024x394.jpg\" class=\"attachment-large size-large wp-image-6935\" alt=\"\" srcset=\"https:\/\/eyzen.net\/wp-content\/uploads\/2025\/05\/Blue-Beehive-logo_300ppp-1024x394.jpg 1024w, https:\/\/eyzen.net\/wp-content\/uploads\/2025\/05\/Blue-Beehive-logo_300ppp-300x116.jpg 300w, https:\/\/eyzen.net\/wp-content\/uploads\/2025\/05\/Blue-Beehive-logo_300ppp-768x296.jpg 768w, https:\/\/eyzen.net\/wp-content\/uploads\/2025\/05\/Blue-Beehive-logo_300ppp.jpg 1511w\" sizes=\"(max-width: 640px) 100vw, 640px\" \/>\t\t\t\t\t\t\t\t\t\t\t\t\t\t\t<\/div>\n\t\t\t\t<\/div>\n\t\t\t\t<\/div>\n\t\t\t\t\t<\/div>\n\t\t\t\t<\/div>\n\t\t<div class=\"elementor-element elementor-element-b35ca1a e-flex e-con-boxed e-con e-parent\" data-id=\"b35ca1a\" data-element_type=\"container\" data-e-type=\"container\">\n\t\t\t\t\t<div class=\"e-con-inner\">\n\t\t\t\t<div class=\"elementor-element elementor-element-0a9fc80 elementor-widget elementor-widget-spacer\" data-id=\"0a9fc80\" data-element_type=\"widget\" data-e-type=\"widget\" data-widget_type=\"spacer.default\">\n\t\t\t\t<div class=\"elementor-widget-container\">\n\t\t\t\t\t\t\t<div class=\"elementor-spacer\">\n\t\t\t<div class=\"elementor-spacer-inner\"><\/div>\n\t\t<\/div>\n\t\t\t\t\t\t<\/div>\n\t\t\t\t<\/div>\n\t\t\t\t\t<\/div>\n\t\t\t\t<\/div>\n\t\t<div class=\"elementor-element elementor-element-1154b81 e-flex e-con-boxed e-con e-parent\" data-id=\"1154b81\" data-element_type=\"container\" data-e-type=\"container\">\n\t\t\t\t\t<div class=\"e-con-inner\">\n\t\t<div class=\"elementor-element elementor-element-4f2d574 e-con-full e-flex e-con e-child\" data-id=\"4f2d574\" data-element_type=\"container\" data-e-type=\"container\">\n\t\t\t\t<div class=\"elementor-element elementor-element-c47b5d3 elementor-widget elementor-widget-heading\" data-id=\"c47b5d3\" data-element_type=\"widget\" data-e-type=\"widget\" data-widget_type=\"heading.default\">\n\t\t\t\t<div class=\"elementor-widget-container\">\n\t\t\t\t\t<h2 class=\"elementor-heading-title elementor-size-default\">KAYSERI GENCLIK MECLISI DERNEGI<\/h2>\t\t\t\t<\/div>\n\t\t\t\t<\/div>\n\t\t\t\t<div class=\"elementor-element elementor-element-f66770f elementor-widget elementor-widget-heading\" data-id=\"f66770f\" data-element_type=\"widget\" data-e-type=\"widget\" data-widget_type=\"heading.default\">\n\t\t\t\t<div class=\"elementor-widget-container\">\n\t\t\t\t\t<h2 class=\"elementor-heading-title elementor-size-default\">Turqu\u00eda<\/h2>\t\t\t\t<\/div>\n\t\t\t\t<\/div>\n\t\t\t\t<div class=\"elementor-element elementor-element-d1e607c elementor-widget elementor-widget-text-editor\" data-id=\"d1e607c\" data-element_type=\"widget\" data-e-type=\"widget\" data-widget_type=\"text-editor.default\">\n\t\t\t\t<div class=\"elementor-widget-container\">\n\t\t\t\t\t\t\t\t\t<p>Kayseri Gen\u00e7lik Meclisi Derne\u011fi, originalmente establecida en 2014 bajo el nombre de Gen\u00e7 Sahne, comenz\u00f3 como una iniciativa juvenil centrada en la cultura y las artes, especialmente el teatro. Fundada por j\u00f3venes de entre 18 y 20 a\u00f1os, la organizaci\u00f3n gan\u00f3 reconocimiento local e independiente mediante noches culturales y eventos art\u00edsticos. En 2015, ampli\u00f3 su \u00e1mbito de acci\u00f3n al cine, lanzando un club de cine financiado y participando en proyectos tanto regionales como nacionales. Para 2017, la asociaci\u00f3n ampli\u00f3 su enfoque para incluir tambi\u00e9n el deporte, la tecnolog\u00eda y la educaci\u00f3n, evolucionando hacia una organizaci\u00f3n juvenil multifac\u00e9tica.<\/p><p>Actualmente, la organizaci\u00f3n ofrece programas educativos, talleres y cursos dirigidos a j\u00f3venes y grupos en situaci\u00f3n de desventaja. Tambi\u00e9n apoya a ni\u00f1os hu\u00e9rfanos a trav\u00e9s de iniciativas formativas y de ayuda peri\u00f3dica. Su misi\u00f3n principal es contribuir a la integraci\u00f3n internacional de Turqu\u00eda abordando problem\u00e1ticas sociales mediante enfoques modernos y colaborativos, tanto a nivel nacional como global.<\/p><p>Kayseri Gen\u00e7lik Meclisi Derne\u011fi ha sido especialmente activa en la educaci\u00f3n tecnol\u00f3gica, ofreciendo formaci\u00f3n en Arduino y codificaci\u00f3n rob\u00f3tica, y respaldando a equipos juveniles que compiten en eventos como el Teknofest de Turqu\u00eda. Asimismo, ha colaborado con el Prof. Dr. Dervi\u015f Karabo\u011fa, cient\u00edfico de renombre mundial conocido por el Algoritmo de la Colonia de Abejas Artificiales, cuya experiencia contin\u00faa beneficiando a sus proyectos.<\/p><p>La organizaci\u00f3n atiende principalmente a personas de entre 18 y 35 a\u00f1os que enfrentan desventajas econ\u00f3micas, pol\u00edticas o educativas, incluyendo sobrevivientes de terremotos y familias de m\u00e1rtires o veteranos. Con cinco a\u00f1os de experiencia enfocada en este \u00e1mbito, la asociaci\u00f3n se ha consolidado como un actor clave en el empoderamiento juvenil y la educaci\u00f3n inclusiva en la regi\u00f3n.<\/p>\t\t\t\t\t\t\t\t<\/div>\n\t\t\t\t<\/div>\n\t\t\t\t<\/div>\n\t\t<div class=\"elementor-element elementor-element-06695a4 e-con-full e-flex e-con e-child\" data-id=\"06695a4\" data-element_type=\"container\" data-e-type=\"container\">\n\t\t\t\t<div class=\"elementor-element elementor-element-ce43803 elementor-widget__width-initial elementor-widget elementor-widget-image\" data-id=\"ce43803\" data-element_type=\"widget\" data-e-type=\"widget\" data-widget_type=\"image.default\">\n\t\t\t\t<div class=\"elementor-widget-container\">\n\t\t\t\t\t\t\t\t\t\t\t\t\t\t\t<img decoding=\"async\" width=\"640\" height=\"640\" src=\"https:\/\/eyzen.net\/wp-content\/uploads\/2025\/05\/GENCLIK-MECLISI-YENI-LOGO-DENEME-3-kopya-1-1024x1024.png\" class=\"attachment-large size-large wp-image-6934\" alt=\"\" srcset=\"https:\/\/eyzen.net\/wp-content\/uploads\/2025\/05\/GENCLIK-MECLISI-YENI-LOGO-DENEME-3-kopya-1-1024x1024.png 1024w, https:\/\/eyzen.net\/wp-content\/uploads\/2025\/05\/GENCLIK-MECLISI-YENI-LOGO-DENEME-3-kopya-1-300x300.png 300w, https:\/\/eyzen.net\/wp-content\/uploads\/2025\/05\/GENCLIK-MECLISI-YENI-LOGO-DENEME-3-kopya-1-150x150.png 150w, https:\/\/eyzen.net\/wp-content\/uploads\/2025\/05\/GENCLIK-MECLISI-YENI-LOGO-DENEME-3-kopya-1-768x768.png 768w, https:\/\/eyzen.net\/wp-content\/uploads\/2025\/05\/GENCLIK-MECLISI-YENI-LOGO-DENEME-3-kopya-1.png 1080w\" sizes=\"(max-width: 640px) 100vw, 640px\" \/>\t\t\t\t\t\t\t\t\t\t\t\t\t\t\t<\/div>\n\t\t\t\t<\/div>\n\t\t\t\t<\/div>\n\t\t\t\t\t<\/div>\n\t\t\t\t<\/div>\n\t\t<div class=\"elementor-element elementor-element-44e77a7 e-flex e-con-boxed e-con e-parent\" data-id=\"44e77a7\" data-element_type=\"container\" data-e-type=\"container\">\n\t\t\t\t\t<div class=\"e-con-inner\">\n\t\t\t\t<div class=\"elementor-element elementor-element-287ffcb elementor-widget elementor-widget-spacer\" data-id=\"287ffcb\" data-element_type=\"widget\" data-e-type=\"widget\" data-widget_type=\"spacer.default\">\n\t\t\t\t<div class=\"elementor-widget-container\">\n\t\t\t\t\t\t\t<div class=\"elementor-spacer\">\n\t\t\t<div class=\"elementor-spacer-inner\"><\/div>\n\t\t<\/div>\n\t\t\t\t\t\t<\/div>\n\t\t\t\t<\/div>\n\t\t\t\t\t<\/div>\n\t\t\t\t<\/div>\n\t\t<div class=\"elementor-element elementor-element-eccae3b e-flex e-con-boxed e-con e-parent\" data-id=\"eccae3b\" data-element_type=\"container\" data-e-type=\"container\">\n\t\t\t\t\t<div class=\"e-con-inner\">\n\t\t<div class=\"elementor-element elementor-element-f7f0547 e-con-full e-flex e-con e-child\" data-id=\"f7f0547\" data-element_type=\"container\" data-e-type=\"container\">\n\t\t\t\t<div class=\"elementor-element elementor-element-6632cfb elementor-widget elementor-widget-heading\" data-id=\"6632cfb\" data-element_type=\"widget\" data-e-type=\"widget\" data-widget_type=\"heading.default\">\n\t\t\t\t<div class=\"elementor-widget-container\">\n\t\t\t\t\t<h2 class=\"elementor-heading-title elementor-size-default\">Creative Youth Academy Hungary<\/h2>\t\t\t\t<\/div>\n\t\t\t\t<\/div>\n\t\t\t\t<div class=\"elementor-element elementor-element-b2e7704 elementor-widget elementor-widget-heading\" data-id=\"b2e7704\" data-element_type=\"widget\" data-e-type=\"widget\" data-widget_type=\"heading.default\">\n\t\t\t\t<div class=\"elementor-widget-container\">\n\t\t\t\t\t<h2 class=\"elementor-heading-title elementor-size-default\">Hungr\u00eda<\/h2>\t\t\t\t<\/div>\n\t\t\t\t<\/div>\n\t\t\t\t<div class=\"elementor-element elementor-element-73cb5d4 elementor-widget elementor-widget-text-editor\" data-id=\"73cb5d4\" data-element_type=\"widget\" data-e-type=\"widget\" data-widget_type=\"text-editor.default\">\n\t\t\t\t<div class=\"elementor-widget-container\">\n\t\t\t\t\t\t\t\t\t<p>Creative Youth Academy Hungary (CYA) es una organizaci\u00f3n voluntaria liderada por j\u00f3venes, impulsada por la convicci\u00f3n de que la educaci\u00f3n y el acompa\u00f1amiento pueden contribuir a un mundo basado en el desarrollo sostenible, el respeto cultural mutuo y la no violencia. CYA organiza una amplia variedad de eventos para fortalecer la participaci\u00f3n comunitaria en diversos sectores, como la educaci\u00f3n, los negocios, la cultura, las tecnolog\u00edas de la informaci\u00f3n, la agricultura, la protecci\u00f3n medioambiental y el deporte. Su misi\u00f3n es empoderar a personas desfavorecidas, internacionales y refugiadas mediante la creaci\u00f3n de plataformas de intercambio cultural e interacci\u00f3n personal, con un fuerte enfoque en la inclusi\u00f3n y la igualdad de g\u00e9nero. Estos esfuerzos buscan desmantelar estereotipos y reforzar los v\u00ednculos comunitarios en zonas rurales.<\/p><p>En consonancia con los objetivos de esta convocatoria, CYA se centra en generar oportunidades de desarrollo para j\u00f3venes social y econ\u00f3micamente desfavorecidos, especialmente aquellos de entre 18 y 30 a\u00f1os. Sus actividades promueven la adquisici\u00f3n de competencias, el emprendimiento y la educaci\u00f3n, a trav\u00e9s de alianzas locales e internacionales. La organizaci\u00f3n pone especial \u00e9nfasis en la innovaci\u00f3n y la investigaci\u00f3n en campos orientados al futuro, como la tecnolog\u00eda medioambiental, la ingenier\u00eda, la inteligencia artificial, la democracia y la ciudadan\u00eda activa. Las colaboraciones con universidades, institutos de educaci\u00f3n secundaria y ONG como Students for Liberty (SFL) refuerzan su impacto.<\/p><p>Uno de sus programas insignia es la organizaci\u00f3n de campos de trabajo juveniles, cuyo objetivo es sensibilizar sobre cuestiones sociales y medioambientales. Estos campamentos motivan a los j\u00f3venes a continuar comprometidos como miembros activos y responsables de la sociedad una vez finalizado el programa. Aunque es una organizaci\u00f3n relativamente nueva, con un a\u00f1o de experiencia espec\u00edfica en este campo, CYA trabaja activamente en la construcci\u00f3n de redes de colaboraci\u00f3n con universidades y plataformas sociales para facilitar la integraci\u00f3n de los j\u00f3venes en la sociedad y el mercado laboral.<\/p>\t\t\t\t\t\t\t\t<\/div>\n\t\t\t\t<\/div>\n\t\t\t\t<\/div>\n\t\t<div class=\"elementor-element elementor-element-411a6d0 e-con-full e-flex e-con e-child\" data-id=\"411a6d0\" data-element_type=\"container\" data-e-type=\"container\">\n\t\t\t\t<div class=\"elementor-element elementor-element-95b8814 elementor-widget__width-initial elementor-widget elementor-widget-image\" data-id=\"95b8814\" data-element_type=\"widget\" data-e-type=\"widget\" data-widget_type=\"image.default\">\n\t\t\t\t<div class=\"elementor-widget-container\">\n\t\t\t\t\t\t\t\t\t\t\t\t\t\t\t<img decoding=\"async\" width=\"640\" height=\"640\" src=\"https:\/\/eyzen.net\/wp-content\/uploads\/2025\/05\/CYA-logo.jpg\" class=\"attachment-large size-large wp-image-6936\" alt=\"\" srcset=\"https:\/\/eyzen.net\/wp-content\/uploads\/2025\/05\/CYA-logo.jpg 640w, https:\/\/eyzen.net\/wp-content\/uploads\/2025\/05\/CYA-logo-300x300.jpg 300w, https:\/\/eyzen.net\/wp-content\/uploads\/2025\/05\/CYA-logo-150x150.jpg 150w\" sizes=\"(max-width: 640px) 100vw, 640px\" \/>\t\t\t\t\t\t\t\t\t\t\t\t\t\t\t<\/div>\n\t\t\t\t<\/div>\n\t\t\t\t<\/div>\n\t\t\t\t\t<\/div>\n\t\t\t\t<\/div>\n\t\t\t\t<\/div>\n\t\t","protected":false},"excerpt":{"rendered":"<p>Socios Blue Beehive Espa\u00f1a La Associaci\u00f3 Educativa i Cultural Blue Beehive es una organizaci\u00f3n multidisciplinaria centrada en la promoci\u00f3n de&#8230;<\/p>\n","protected":false},"author":2,"featured_media":0,"parent":0,"menu_order":0,"comment_status":"closed","ping_status":"closed","template":"","meta":{"footnotes":""},"class_list":["post-7084","page","type-page","status-publish","hentry"],"_links":{"self":[{"href":"https:\/\/eyzen.net\/index.php\/wp-json\/wp\/v2\/pages\/7084","targetHints":{"allow":["GET"]}}],"collection":[{"href":"https:\/\/eyzen.net\/index.php\/wp-json\/wp\/v2\/pages"}],"about":[{"href":"https:\/\/eyzen.net\/index.php\/wp-json\/wp\/v2\/types\/page"}],"author":[{"embeddable":true,"href":"https:\/\/eyzen.net\/index.php\/wp-json\/wp\/v2\/users\/2"}],"replies":[{"embeddable":true,"href":"https:\/\/eyzen.net\/index.php\/wp-json\/wp\/v2\/comments?post=7084"}],"version-history":[{"count":4,"href":"https:\/\/eyzen.net\/index.php\/wp-json\/wp\/v2\/pages\/7084\/revisions"}],"predecessor-version":[{"id":7089,"href":"https:\/\/eyzen.net\/index.php\/wp-json\/wp\/v2\/pages\/7084\/revisions\/7089"}],"wp:attachment":[{"href":"https:\/\/eyzen.net\/index.php\/wp-json\/wp\/v2\/media?parent=7084"}],"curies":[{"name":"wp","href":"https:\/\/api.w.org\/{rel}","templated":true}]}}